{"id":4786,"date":"2026-02-04T10:17:11","date_gmt":"2026-02-04T09:17:11","guid":{"rendered":"https:\/\/gymes.eu\/?page_id=4786"},"modified":"2026-08-31T22:33:42","modified_gmt":"2026-08-31T20:33:42","slug":"skolska-jedalen","status":"publish","type":"page","link":"https:\/\/gymes.eu\/en\/skolska-jedalen\/","title":{"rendered":"School cafeteria"},"content":{"rendered":"<div class=\"wpb-content-wrapper\" id=\"wpb-content-root\"><div data-vc-full-width=\"true\" data-vc-full-width-temp=\"true\" data-vc-full-width-init=\"false\" data-vc-stretch-content=\"true\" class=\"vc_row wpb_row row top-row vc_custom_1788126516908 no-padding vc_row-no-padding wpb_custom_034b39d9bc6c6b310d69e39f0ccf274f\"><div class=\"vc_column_container col-md-12\"><div class=\"wpb_wrapper vc_column-inner\"><div class=\"porto-ibanner interactive-banner-wrap-1368ed295cfdbb6b88adaac7efb6cfe6 vc_custom_1788186937044 video-about\" style=\"background:#000000;min-height:clamp(270px, 46.9vw, 900px);\"><video class=\"video-bg\" preload playsinline autoplay loop muted><source src=\"https:\/\/gymes.eu\/wp-content\/uploads\/2026\/08\/JEDALEN_IPHONE_V2.mp4\" type=\"video\/mp4\"><\/video><div class=\"porto-ibanner-desc no-padding d-flex\"><div class=\"porto-ibanner-layer vc_custom_1788130484993 wpb_custom_2c5109c031829f9c54153ed0e6239ff6 banner-pos-74687b992837363fcec4731ac23d11bf\" style=\"width:100%;\"><div class=\"porto-u-heading  wpb_custom_5ae49984e0115917acc100eeb8ed1365 porto-u-55ca8359258f9a412be7e73af65d2aac\" data-appear-animation=\"fadeIn\"><div class=\"porto-u-main-heading\" data-appear-animation=\"highlightShape\"><h1   style=\"color:var(--porto-light-color);margin-bottom: 150px;\"><span class=\"heading-highlight-before\"><\/span><span class=\"heading-highlight-svg\">\u0160KOLSK\u00c1 JED\u00c1LE\u0147<span class=\"svg-highlight underline2\"><svg xmlns=\"http:\/\/www.w3.org\/2000\/svg\" viewbox=\"0 0 504.01 35.73\" preserveaspectratio=\"none\"><path d=\"M2.01,33.72c0,0,129.21-3.27,234.55-25.26s69.99,19.3,69.99,19.3s120.08-21.63,195.46-0.12\"\/><\/svg><\/span><\/span><span class=\"heading-highlight-after\"><\/span><\/h1><\/div><style>.porto-u-55ca8359258f9a412be7e73af65d2aac.porto-u-heading{text-align:center}<\/style><\/div><style>.banner-pos-74687b992837363fcec4731ac23d11bf {left:0%;right: unset;bottom:0%; top: unset;}<\/style><\/div><\/div><\/div><\/div><\/div><\/div><div class=\"vc_row-full-width vc_clearfix\"><\/div><div class=\"vc_row wpb_row row top-row wpb_custom_034b39d9bc6c6b310d69e39f0ccf274f\"><div class=\"vc_column_container col-md-10\"><div class=\"wpb_wrapper vc_column-inner\">\r\n\t<div class=\"wpb_text_column wpb_content_element vc_custom_1771708326166 wpb_custom_7c91d232724f73626cc933bd95b25ff0\" >\r\n\t\t<div class=\"wpb_wrapper\">\r\n\t\t\t<p><u>Inform\u00e1cie pre stravn\u00edkov:<\/u><\/p>\n<p>&#8211;&nbsp; na za\u010diatku \u0161kolsk\u00e9ho roka je potrebn\u00e9 doru\u010di\u0165 ved\u00facej \u0160J podp\u00edsan\u00fd&nbsp;z\u00e1pisn\u00fd l\u00edstok&nbsp;(zasielan\u00fd mailom, n\u00e1jdete ho aj tu ni\u017e\u0161ie);<\/p>\n<p>&#8211; inform\u00e1ciu o v\u00fd\u0161ke stravn\u00e9ho dostanete emailom (skontrolujte si pros\u00edm aj spam);<\/p>\n<p>&#8211; stravn\u00e9 sa uhr\u00e1dza&nbsp;do 10. d\u0148a v mesiaci.&nbsp;Pros\u00edme, dodr\u017eiavajte&nbsp;spr\u00e1vne variabiln\u00e9 symboly za ka\u017ed\u00e9 die\u0165a zvl\u00e1\u0161\u0165, nako\u013eko syst\u00e9m bude s\u00e1m p\u00e1rova\u0165 platby pod\u013ea v\u00fdpisu z banky a pri nespr\u00e1vnom VS nebude mo\u017en\u00e9 platbu priradi\u0165 k die\u0165a\u0165u. Do pozn\u00e1mky pros\u00edme uvies\u0165 meno a triedu die\u0165a\u0165a;<\/p>\n<p>&#8211; po tomto term\u00edne pri neuhraden\u00ed stravy sa pozastavuje v\u00fddaj obeda;<\/p>\n<p>&#8211; za prihlasovanie a odhlasovanie je zodpovedn\u00fd rodi\u010d, resp. plnolet\u00fd \u0161tudent gymn\u00e1zia,<\/p>\n<p>&#8211; odhl\u00e1si\u0165 sa z&nbsp;obedov je mo\u017en\u00e9 do polnoci predch\u00e1dzaj\u00faceho d\u0148a cez str\u00e1nku Edupage, Eskoly, alebo&nbsp;&nbsp; formou &nbsp;mail-u, sms, telefonicky \u2013 iba rodi\u010d v&nbsp;pr\u00edpade choroby;<\/p>\n<p>&#8211; \u017eiak je povinn\u00fd nosi\u0165 do&nbsp;\u0160J&nbsp;\u010dipov\u00fd k\u013e\u00fa\u010d\/ISIC kartu, na z\u00e1klade ktor\u00fdch mu bude strava vydan\u00e1; bez \u010dipov\u00e9ho k\u013e\u00fa\u010da\/ISIC karty mu bude strava vydan\u00e1 a\u017e po 14.00 hod.;<\/p>\n<p>&#8211; obed, ktor\u00fd sa ned\u00e1 odhl\u00e1si\u0165,&nbsp;je mo\u017en\u00e9 prevzia\u0165 do jednorazov\u00e9ho obalu v \u010dase od 12:00 do 14:30 hod.&nbsp;(obal poskytne jed\u00e1le\u0148 za poplatok&nbsp;0,30\u20ac&nbsp;&nbsp;\u2013&nbsp;&nbsp;obal na polievku +&nbsp;0,30\u20ac&nbsp;obal na hlavn\u00e9 jedlo).<\/p>\n<p>&#8211; stav obedov je mo\u017en\u00e9 si odkontrolova\u0165 na str\u00e1nke Eskoly<\/p>\n<p>&nbsp;<\/p>\n\r\n\t\t<\/div>\r\n\t<\/div>\r\n<\/div><\/div><div class=\"vc_column_container col-md-2\"><div class=\"wpb_wrapper vc_column-inner\">\r\n\t<div class=\"wpb_text_column wpb_content_element wpb_custom_7c91d232724f73626cc933bd95b25ff0\" >\r\n\t\t<div class=\"wpb_wrapper\">\r\n\t\t\t<h5><span style=\"font-size: 17px;\"><strong>Ved\u00faca \u0161kolskej jed\u00e1lne:<\/strong><\/span><\/h5>\n<p><span style=\"font-size: 18px;\">J<span style=\"font-size: 17px;\">ana Dolinsk\u00e1<\/span><\/span><br \/>\n<span style=\"font-size: 17px;\">0918 832&nbsp;085<\/span><\/p>\n<p><span style=\"font-size: 17px;\"><a href=\"mailto:jedalen@gymes.eu\">jedalen@gymes.eu<\/a><\/span><\/p>\n<p><span style=\"font-size: 18px;\"><a href=\"https:\/\/gymes.eu\/wp-content\/uploads\/2026\/02\/Zapisny-listok-2026-2027.docx\">Z\u00e1pisn\u00fd l\u00edstok&nbsp;<\/a><\/span><\/p>\n\r\n\t\t<\/div>\r\n\t<\/div>\r\n<\/div><\/div><\/div>\n<\/div>","protected":false},"excerpt":{"rendered":"\u0160KOLSK\u00c1 JED\u00c1LE\u0147 Inform\u00e1cie pre stravn\u00edkov: -&nbsp; na za\u010diatku \u0161kolsk\u00e9ho roka je potrebn\u00e9 doru\u010di\u0165 ved\u00facej \u0160J podp\u00edsan\u00fd&nbsp;z\u00e1pisn\u00fd l\u00edstok&nbsp;(zasielan\u00fd mailom, n\u00e1jdete ho aj tu ni\u017e\u0161ie); - inform\u00e1ciu o v\u00fd\u0161ke stravn\u00e9ho dostanete emailom (skontrolujte si pros\u00edm aj spam); - stravn\u00e9 sa uhr\u00e1dza&nbsp;do 10. d\u0148a v mesiaci.&nbsp;Pros\u00edme, dodr\u017eiavajte&nbsp;spr\u00e1vne variabiln\u00e9 symboly za ka\u017ed\u00e9 die\u0165a zvl\u00e1\u0161\u0165, nako\u013eko syst\u00e9m bude s\u00e1m p\u00e1rova\u0165 [...]","protected":false},"author":6,"featured_media":0,"parent":0,"menu_order":0,"comment_status":"closed","ping_status":"closed","template":"","meta":{"_acf_changed":false,"rs_blank_template":"","rs_page_bg_color":"","slide_template_v7":"","_monsterinsights_skip_tracking":false,"footnotes":""},"class_list":["post-4786","page","type-page","status-publish","hentry"],"acf":[],"yoast_head":"<!-- This site is optimized with the Yoast SEO plugin v28.3 - https:\/\/yoast.com\/product\/yoast-seo-wordpress\/ -->\n<title>\u0160kolsk\u00e1 jed\u00e1le\u0148 - Gymn\u00e1zium sv. Edity Steinovej<\/title>\n<meta name=\"robots\" content=\"index, follow, max-snippet:-1, max-image-preview:large, max-video-preview:-1\" \/>\n<link rel=\"canonical\" href=\"https:\/\/gymes.eu\/en\/skolska-jedalen\/\" \/>\n<meta property=\"og:locale\" content=\"en_GB\" \/>\n<meta property=\"og:type\" content=\"article\" \/>\n<meta property=\"og:title\" content=\"\u0160kolsk\u00e1 jed\u00e1le\u0148 - Gymn\u00e1zium sv. Edity Steinovej\" \/>\n<meta property=\"og:url\" content=\"https:\/\/gymes.eu\/en\/skolska-jedalen\/\" \/>\n<meta property=\"og:site_name\" content=\"Gymn\u00e1zium sv. Edity Steinovej\" \/>\n<meta property=\"article:publisher\" content=\"https:\/\/www.facebook.com\/GYMES.official\" \/>\n<meta property=\"article:modified_time\" content=\"2026-08-31T20:33:42+00:00\" \/>\n<meta name=\"twitter:card\" content=\"summary_large_image\" \/>\n<meta name=\"twitter:label1\" content=\"Estimated reading time\" \/>\n\t<meta name=\"twitter:data1\" content=\"2 minutes\" \/>\n<script type=\"application\/ld+json\" class=\"yoast-schema-graph\">{\"@context\":\"https:\\\/\\\/schema.org\",\"@graph\":[{\"@type\":\"WebPage\",\"@id\":\"https:\\\/\\\/gymes.eu\\\/skolska-jedalen\\\/\",\"url\":\"https:\\\/\\\/gymes.eu\\\/skolska-jedalen\\\/\",\"name\":\"\u0160kolsk\u00e1 jed\u00e1le\u0148 - Gymn\u00e1zium sv. Edity Steinovej\",\"isPartOf\":{\"@id\":\"https:\\\/\\\/gymes.eu\\\/#website\"},\"datePublished\":\"2026-02-04T09:17:11+00:00\",\"dateModified\":\"2026-08-31T20:33:42+00:00\",\"breadcrumb\":{\"@id\":\"https:\\\/\\\/gymes.eu\\\/skolska-jedalen\\\/#breadcrumb\"},\"inLanguage\":\"en-GB\",\"potentialAction\":[{\"@type\":\"ReadAction\",\"target\":[\"https:\\\/\\\/gymes.eu\\\/skolska-jedalen\\\/\"]}]},{\"@type\":\"BreadcrumbList\",\"@id\":\"https:\\\/\\\/gymes.eu\\\/skolska-jedalen\\\/#breadcrumb\",\"itemListElement\":[{\"@type\":\"ListItem\",\"position\":1,\"name\":\"Home\",\"item\":\"https:\\\/\\\/gymes.eu\\\/\"},{\"@type\":\"ListItem\",\"position\":2,\"name\":\"\u0160kolsk\u00e1 jed\u00e1le\u0148\"}]},{\"@type\":\"WebSite\",\"@id\":\"https:\\\/\\\/gymes.eu\\\/#website\",\"url\":\"https:\\\/\\\/gymes.eu\\\/\",\"name\":\"Gymn\u00e1zium sv. Edity Steinovej\",\"description\":\"\",\"publisher\":{\"@id\":\"https:\\\/\\\/gymes.eu\\\/#organization\"},\"potentialAction\":[{\"@type\":\"SearchAction\",\"target\":{\"@type\":\"EntryPoint\",\"urlTemplate\":\"https:\\\/\\\/gymes.eu\\\/?s={search_term_string}\"},\"query-input\":{\"@type\":\"PropertyValueSpecification\",\"valueRequired\":true,\"valueName\":\"search_term_string\"}}],\"inLanguage\":\"en-GB\"},{\"@type\":\"Organization\",\"@id\":\"https:\\\/\\\/gymes.eu\\\/#organization\",\"name\":\"Gymn\u00e1zium sv. Edity Steinovej\",\"url\":\"https:\\\/\\\/gymes.eu\\\/\",\"logo\":{\"@type\":\"ImageObject\",\"inLanguage\":\"en-GB\",\"@id\":\"https:\\\/\\\/gymes.eu\\\/#\\\/schema\\\/logo\\\/image\\\/\",\"url\":\"https:\\\/\\\/gymes.eu\\\/wp-content\\\/uploads\\\/2024\\\/11\\\/gymesWEB.png\",\"contentUrl\":\"https:\\\/\\\/gymes.eu\\\/wp-content\\\/uploads\\\/2024\\\/11\\\/gymesWEB.png\",\"width\":300,\"height\":300,\"caption\":\"Gymn\u00e1zium sv. Edity Steinovej\"},\"image\":{\"@id\":\"https:\\\/\\\/gymes.eu\\\/#\\\/schema\\\/logo\\\/image\\\/\"},\"sameAs\":[\"https:\\\/\\\/www.facebook.com\\\/GYMES.official\"]}]}<\/script>\n<!-- \/ Yoast SEO plugin. -->","yoast_head_json":{"title":"\u0160kolsk\u00e1 jed\u00e1le\u0148 - Gymn\u00e1zium sv. Edity Steinovej","robots":{"index":"index","follow":"follow","max-snippet":"max-snippet:-1","max-image-preview":"max-image-preview:large","max-video-preview":"max-video-preview:-1"},"canonical":"https:\/\/gymes.eu\/en\/skolska-jedalen\/","og_locale":"en_GB","og_type":"article","og_title":"\u0160kolsk\u00e1 jed\u00e1le\u0148 - Gymn\u00e1zium sv. Edity Steinovej","og_url":"https:\/\/gymes.eu\/en\/skolska-jedalen\/","og_site_name":"Gymn\u00e1zium sv. Edity Steinovej","article_publisher":"https:\/\/www.facebook.com\/GYMES.official","article_modified_time":"2026-08-31T20:33:42+00:00","twitter_card":"summary_large_image","twitter_misc":{"Estimated reading time":"2 minutes"},"schema":{"@context":"https:\/\/schema.org","@graph":[{"@type":"WebPage","@id":"https:\/\/gymes.eu\/skolska-jedalen\/","url":"https:\/\/gymes.eu\/skolska-jedalen\/","name":"\u0160kolsk\u00e1 jed\u00e1le\u0148 - Gymn\u00e1zium sv. Edity Steinovej","isPartOf":{"@id":"https:\/\/gymes.eu\/#website"},"datePublished":"2026-02-04T09:17:11+00:00","dateModified":"2026-08-31T20:33:42+00:00","breadcrumb":{"@id":"https:\/\/gymes.eu\/skolska-jedalen\/#breadcrumb"},"inLanguage":"en-GB","potentialAction":[{"@type":"ReadAction","target":["https:\/\/gymes.eu\/skolska-jedalen\/"]}]},{"@type":"BreadcrumbList","@id":"https:\/\/gymes.eu\/skolska-jedalen\/#breadcrumb","itemListElement":[{"@type":"ListItem","position":1,"name":"Home","item":"https:\/\/gymes.eu\/"},{"@type":"ListItem","position":2,"name":"\u0160kolsk\u00e1 jed\u00e1le\u0148"}]},{"@type":"WebSite","@id":"https:\/\/gymes.eu\/#website","url":"https:\/\/gymes.eu\/","name":"Gymn\u00e1zium sv. Edity Steinovej","description":"","publisher":{"@id":"https:\/\/gymes.eu\/#organization"},"potentialAction":[{"@type":"SearchAction","target":{"@type":"EntryPoint","urlTemplate":"https:\/\/gymes.eu\/?s={search_term_string}"},"query-input":{"@type":"PropertyValueSpecification","valueRequired":true,"valueName":"search_term_string"}}],"inLanguage":"en-GB"},{"@type":"Organization","@id":"https:\/\/gymes.eu\/#organization","name":"Gymn\u00e1zium sv. Edity Steinovej","url":"https:\/\/gymes.eu\/","logo":{"@type":"ImageObject","inLanguage":"en-GB","@id":"https:\/\/gymes.eu\/#\/schema\/logo\/image\/","url":"https:\/\/gymes.eu\/wp-content\/uploads\/2024\/11\/gymesWEB.png","contentUrl":"https:\/\/gymes.eu\/wp-content\/uploads\/2024\/11\/gymesWEB.png","width":300,"height":300,"caption":"Gymn\u00e1zium sv. Edity Steinovej"},"image":{"@id":"https:\/\/gymes.eu\/#\/schema\/logo\/image\/"},"sameAs":["https:\/\/www.facebook.com\/GYMES.official"]}]}},"_links":{"self":[{"href":"https:\/\/gymes.eu\/en\/wp-json\/wp\/v2\/pages\/4786","targetHints":{"allow":["GET"]}}],"collection":[{"href":"https:\/\/gymes.eu\/en\/wp-json\/wp\/v2\/pages"}],"about":[{"href":"https:\/\/gymes.eu\/en\/wp-json\/wp\/v2\/types\/page"}],"author":[{"embeddable":true,"href":"https:\/\/gymes.eu\/en\/wp-json\/wp\/v2\/users\/6"}],"replies":[{"embeddable":true,"href":"https:\/\/gymes.eu\/en\/wp-json\/wp\/v2\/comments?post=4786"}],"version-history":[{"count":7,"href":"https:\/\/gymes.eu\/en\/wp-json\/wp\/v2\/pages\/4786\/revisions"}],"predecessor-version":[{"id":5354,"href":"https:\/\/gymes.eu\/en\/wp-json\/wp\/v2\/pages\/4786\/revisions\/5354"}],"wp:attachment":[{"href":"https:\/\/gymes.eu\/en\/wp-json\/wp\/v2\/media?parent=4786"}],"curies":[{"name":"wp","href":"https:\/\/api.w.org\/{rel}","templated":true}]}}