{"id":4687,"date":"2025-12-24T01:46:51","date_gmt":"2025-12-24T00:46:51","guid":{"rendered":"https:\/\/gymes.eu\/?page_id=4687"},"modified":"2025-12-24T03:39:30","modified_gmt":"2025-12-24T02:39:30","slug":"samuel-rinik","status":"publish","type":"page","link":"https:\/\/gymes.eu\/en\/gymes-alumni\/samuel-rinik\/","title":{"rendered":"Samuel Rinik"},"content":{"rendered":"<div class=\"wpb-content-wrapper\" id=\"wpb-content-root\"><div class=\"vc_row wpb_row row top-row wpb_custom_034b39d9bc6c6b310d69e39f0ccf274f\"><div class=\"vc_column_container col-md-5\"><div class=\"wpb_wrapper vc_column-inner\">\r\n\t<div class=\"wpb_single_image wpb_content_element vc_align_center wpb_content_element  wpb_custom_8a4a48c166230ccf96d7205f58937120\"><div class=\"wpb_wrapper\">\r\n\t\t\t\r\n\t\t\t<div class=\"vc_single_image-wrapper\" style=\"width: 100%;\"><img loading=\"lazy\" decoding=\"async\" width=\"2560\" height=\"2294\" src=\"https:\/\/gymes.eu\/wp-content\/uploads\/2025\/12\/1-profil-RINIK.jpg\" class=\"vc_single_image-img attachment-full\" alt=\"\" title=\"1 profil RINIK\" srcset=\"https:\/\/gymes.eu\/wp-content\/uploads\/2025\/12\/1-profil-RINIK.jpg 2560w, https:\/\/gymes.eu\/wp-content\/uploads\/2025\/12\/1-profil-RINIK-1024x918.jpg 1024w, https:\/\/gymes.eu\/wp-content\/uploads\/2025\/12\/1-profil-RINIK-768x688.jpg 768w, https:\/\/gymes.eu\/wp-content\/uploads\/2025\/12\/1-profil-RINIK-1536x1376.jpg 1536w, https:\/\/gymes.eu\/wp-content\/uploads\/2025\/12\/1-profil-RINIK-2048x1835.jpg 2048w, https:\/\/gymes.eu\/wp-content\/uploads\/2025\/12\/1-profil-RINIK-640x574.jpg 640w, https:\/\/gymes.eu\/wp-content\/uploads\/2025\/12\/1-profil-RINIK-400x358.jpg 400w, https:\/\/gymes.eu\/wp-content\/uploads\/2025\/12\/1-profil-RINIK-367x329.jpg 367w\" sizes=\"auto, (max-width: 2560px) 100vw, 2560px\" \/><\/div>\r\n\t\t<\/div>\r\n\t<\/div>\r\n<\/div><\/div><div class=\"vc_column_container col-md-7\"><div class=\"wpb_wrapper vc_column-inner\">\r\n\t<div class=\"wpb_text_column wpb_content_element wpb_custom_7c91d232724f73626cc933bd95b25ff0\" >\r\n\t\t<div class=\"wpb_wrapper\">\r\n\t\t\t<p style=\"font-weight: 400;\">My name is Samuel Rinik and I am a graduate of GYMES from the academic year 2021\/2022. During my studies at the grammar school my class teacher for almost four years, except for the third year which I spent in the United States, was Sister Mgr Marta Benejov\u00e1, and in the final year also Mrs Mgr Zuzana Lehotai. After completing my leaving examinations in Art History and Civics, God gave me the opportunity to follow a long-standing desire. This was to study an artistic field in Rome, specifically a bachelor\u2019s degree in Graphic Design and Art Direction at the internationally recognised art academy Nuova Accademia di Belle Arti, where I am currently completing my final year with a specialisation in illustration and animation.\nFor me, however, an even greater blessing than the studies themselves was the unique opportunity, as a Greek Catholic striving to live sincerely with the eternal God, to live and participate fully in the community life of the historically renowned Pontifical College Russicum. Among those who lived there were Blessed Teodor Rom\u017ea and also current bishops of the Greek Catholic Church in Slovakia, including Bishop Jon\u00e1\u0161 Maxim, Archbishop Cyril Vasi\u013e and Bishop Milan Lach.<\/p>\n\r\n\t\t<\/div>\r\n\t<\/div>\r\n<\/div><\/div><\/div><div class=\"vc_row wpb_row row top-row wpb_custom_034b39d9bc6c6b310d69e39f0ccf274f\"><div class=\"vc_column_container col-md-7\"><div class=\"wpb_wrapper vc_column-inner\">\r\n\t<div class=\"wpb_text_column wpb_content_element wpb_custom_7c91d232724f73626cc933bd95b25ff0\" >\r\n\t\t<div class=\"wpb_wrapper\">\r\n\t\t\t<div><span lang=\"SK\">My greatest dream has always been to become involved in the world of Christian art through exhibitions, discussions and other contributions. Over the past two years this has gradually become a reality. I have organised several exhibitions of my artistic series of ink drawings entitled The Struggle for Virtue, which have taken place in cities such as Rome, Bratislava and Ko\u0161ice, as well as in St Andrews in Scotland. Thanks to these exhibitions I was given the opportunity to undertake a short period of study in Florence, to write an accompanying book for the exhibitions with the help of Archbishop Cyril Vasi\u013e, and even to work on various artistic commissions, both ecclesiastical and secular, in Slovakia and abroad.\nI am currently also using the series The Struggle for Virtue as the basis for my bachelor\u2019s thesis entitled A Semiotic Analysis of the Representation of the Concept of Spiritual Struggle in Various Traditions of Christian Art. Unexpectedly, it also opened the door for me to participate in a discussion during the Bratislava Hanus Days in 2024 as one of the official speakers of the festival. My next steps, if God wills, should lead to online studies in the theory of sacred art at the University of Aberdeen in Scotland (MLitt). I would like to pursue this part-time alongside my work in the artistic sphere, both ecclesiastical and secular, in Slovakia. <\/span><\/div>\n\r\n\t\t<\/div>\r\n\t<\/div>\r\n<\/div><\/div><div class=\"vc_column_container col-md-5\"><div class=\"wpb_wrapper vc_column-inner\">\r\n\t<div class=\"wpb_single_image wpb_content_element vc_align_center wpb_content_element  vc_custom_1766537516475 wpb_custom_81a4f7ef9830bf958462581aa01150fb\"><div class=\"wpb_wrapper\">\r\n\t\t\t\r\n\t\t\t<div class=\"vc_single_image-wrapper\"><img loading=\"lazy\" decoding=\"async\" width=\"2560\" height=\"1707\" src=\"https:\/\/gymes.eu\/wp-content\/uploads\/2025\/12\/2-RINIK.jpg\" class=\"vc_single_image-img attachment-full\" alt=\"\" title=\"2 RINIK\" srcset=\"https:\/\/gymes.eu\/wp-content\/uploads\/2025\/12\/2-RINIK.jpg 2560w, https:\/\/gymes.eu\/wp-content\/uploads\/2025\/12\/2-RINIK-1024x683.jpg 1024w, https:\/\/gymes.eu\/wp-content\/uploads\/2025\/12\/2-RINIK-768x512.jpg 768w, https:\/\/gymes.eu\/wp-content\/uploads\/2025\/12\/2-RINIK-1536x1024.jpg 1536w, https:\/\/gymes.eu\/wp-content\/uploads\/2025\/12\/2-RINIK-2048x1366.jpg 2048w, https:\/\/gymes.eu\/wp-content\/uploads\/2025\/12\/2-RINIK-640x427.jpg 640w, https:\/\/gymes.eu\/wp-content\/uploads\/2025\/12\/2-RINIK-400x267.jpg 400w, https:\/\/gymes.eu\/wp-content\/uploads\/2025\/12\/2-RINIK-367x245.jpg 367w\" sizes=\"auto, (max-width: 2560px) 100vw, 2560px\" \/><\/div>\r\n\t\t<\/div>\r\n\t<\/div>\r\n<\/div><\/div><\/div><div class=\"vc_row wpb_row row top-row wpb_custom_034b39d9bc6c6b310d69e39f0ccf274f\"><div class=\"vc_column_container col-md-7\"><div class=\"wpb_wrapper vc_column-inner\">\r\n\t<div class=\"wpb_text_column wpb_content_element wpb_custom_7c91d232724f73626cc933bd95b25ff0\" >\r\n\t\t<div class=\"wpb_wrapper\">\r\n\t\t\t<p style=\"font-weight: 400;\"><strong>If you had to decide again, would you choose GYMES once more?<\/strong><\/p>\n<p style=\"font-weight: 400;\">My answer would be a firm yes. Since I was one of the few students who began studying at GYMES later, after transferring from another grammar school, the decision to come to GYMES was very important for me. From my very first days I felt a different approach and a different moral atmosphere from what I had previously known.\nWhether I think of the demanding studies with subjects taught in English, the greater interest in my academic and personal development through mentoring, the unique opportunity to spend an academic year in the United States, or the hopeful environment for building genuine friendships, I remember GYMES very positively. Even today I regard my decision to transfer there as one of the best decisions I have ever made.<\/p>\n<p>\u00a0<\/p>\n\r\n\t\t<\/div>\r\n\t<\/div>\r\n<\/div><\/div><div class=\"vc_column_container col-md-5\"><div class=\"wpb_wrapper vc_column-inner\">\r\n\t<div class=\"wpb_single_image wpb_content_element vc_align_center wpb_content_element  wpb_custom_81a4f7ef9830bf958462581aa01150fb\"><div class=\"wpb_wrapper\">\r\n\t\t\t\r\n\t\t\t<div class=\"vc_single_image-wrapper\"><img loading=\"lazy\" decoding=\"async\" width=\"2000\" height=\"1333\" src=\"https:\/\/gymes.eu\/wp-content\/uploads\/2025\/12\/3-RINIK.jpg\" class=\"vc_single_image-img attachment-full\" alt=\"\" title=\"3 RINIK\" srcset=\"https:\/\/gymes.eu\/wp-content\/uploads\/2025\/12\/3-RINIK.jpg 2000w, https:\/\/gymes.eu\/wp-content\/uploads\/2025\/12\/3-RINIK-1024x682.jpg 1024w, https:\/\/gymes.eu\/wp-content\/uploads\/2025\/12\/3-RINIK-768x512.jpg 768w, https:\/\/gymes.eu\/wp-content\/uploads\/2025\/12\/3-RINIK-1536x1024.jpg 1536w, https:\/\/gymes.eu\/wp-content\/uploads\/2025\/12\/3-RINIK-640x427.jpg 640w, https:\/\/gymes.eu\/wp-content\/uploads\/2025\/12\/3-RINIK-400x267.jpg 400w, https:\/\/gymes.eu\/wp-content\/uploads\/2025\/12\/3-RINIK-367x245.jpg 367w\" sizes=\"auto, (max-width: 2000px) 100vw, 2000px\" \/><\/div>\r\n\t\t<\/div>\r\n\t<\/div>\r\n<\/div><\/div><\/div><div class=\"vc_row wpb_row row top-row wpb_custom_034b39d9bc6c6b310d69e39f0ccf274f\"><div class=\"vc_column_container col-md-12\"><div class=\"wpb_wrapper vc_column-inner\">\r\n\t<div class=\"wpb_text_column wpb_content_element wpb_custom_7c91d232724f73626cc933bd95b25ff0\" >\r\n\t\t<div class=\"wpb_wrapper\">\r\n\t\t\t<p><strong>Which moment at GYMES do you consider a turning point for your personal or professional growth? <\/strong><\/p>\n<p><span style=\"font-weight: 400;\">It would be easy to mention my year abroad, but for me the most important and valuable moment during my studies was the historical and artistic exhibition about the life of St Edith Stein in my final year. My full participation in the exhibition as its official artist and illustrator, especially thanks to the support of Mr ThLic Tom\u00e1\u0161 Filip, PhD, showed me that organising such an exhibition was truly possible for me, despite the difficulty and complexity involved.\nThis experience later proved to be crucial, because in the following years God gave me the opportunity to organise several similar exhibitions independently. The exhibition also helped raise awareness of my artistic work among people around me. <\/span><\/p>\n\r\n\t\t<\/div>\r\n\t<\/div>\r\n<\/div><\/div><\/div><div class=\"vc_row wpb_row row top-row wpb_custom_034b39d9bc6c6b310d69e39f0ccf274f\"><div class=\"vc_column_container col-md-7\"><div class=\"wpb_wrapper vc_column-inner\">\r\n\t<div class=\"wpb_text_column wpb_content_element wpb_custom_7c91d232724f73626cc933bd95b25ff0\" >\r\n\t\t<div class=\"wpb_wrapper\">\r\n\t\t\t<p style=\"font-weight: 400;\"><strong>How did you choose your seminar subjects and future direction at GYMES?<\/strong><\/p>\n<p style=\"font-weight: 400;\">Perhaps it is easier for someone who completed his leaving examinations at the age of twenty to say this, but by the time I had to choose my seminars I already knew quite clearly which direction I wanted to take. The key was probably knowing which directions I definitely did not want to pursue.\nI did not choose my seminars correctly on the first attempt, since I changed two of them after the fourth year. In general, however, my decisions were based on a sincere trust that God would take care of me, and it seems that He has continued to do so ever since.<\/p>\n<p style=\"font-weight: 400;\"><strong>Have any of your friendships from GYMES lasted until today?<\/strong><\/p>\n<p style=\"font-weight: 400;\">Certainly not all of them, but some definitely have. At the same time this was both surprising and unsurprising to me. A group of us boys became particularly close during our final years at GYMES, and although we later dispersed across different countries, we made a sincere effort to stay in contact. Whenever we have the opportunity, we still try to meet, even if only for a quick drink together. I know that not everyone finds friendships like these.<\/p>\n\r\n\t\t<\/div>\r\n\t<\/div>\r\n<\/div><\/div><div class=\"vc_column_container col-md-5\"><div class=\"wpb_wrapper vc_column-inner\">\r\n\t<div class=\"wpb_single_image wpb_content_element vc_align_left wpb_content_element  wpb_custom_81a4f7ef9830bf958462581aa01150fb\"><div class=\"wpb_wrapper\">\r\n\t\t\t\r\n\t\t\t<div class=\"vc_single_image-wrapper\"><img loading=\"lazy\" decoding=\"async\" width=\"2560\" height=\"2447\" src=\"https:\/\/gymes.eu\/wp-content\/uploads\/2025\/12\/4-RINIK.jpg\" class=\"vc_single_image-img attachment-full\" alt=\"\" title=\"4 RINIK\" srcset=\"https:\/\/gymes.eu\/wp-content\/uploads\/2025\/12\/4-RINIK.jpg 2560w, https:\/\/gymes.eu\/wp-content\/uploads\/2025\/12\/4-RINIK-1024x979.jpg 1024w, https:\/\/gymes.eu\/wp-content\/uploads\/2025\/12\/4-RINIK-768x734.jpg 768w, https:\/\/gymes.eu\/wp-content\/uploads\/2025\/12\/4-RINIK-1536x1468.jpg 1536w, https:\/\/gymes.eu\/wp-content\/uploads\/2025\/12\/4-RINIK-2048x1958.jpg 2048w, https:\/\/gymes.eu\/wp-content\/uploads\/2025\/12\/4-RINIK-640x612.jpg 640w, https:\/\/gymes.eu\/wp-content\/uploads\/2025\/12\/4-RINIK-400x382.jpg 400w, https:\/\/gymes.eu\/wp-content\/uploads\/2025\/12\/4-RINIK-367x351.jpg 367w\" sizes=\"auto, (max-width: 2560px) 100vw, 2560px\" \/><\/div>\r\n\t\t<\/div>\r\n\t<\/div>\r\n<\/div><\/div><\/div><div class=\"vc_row wpb_row row top-row wpb_custom_034b39d9bc6c6b310d69e39f0ccf274f\"><div class=\"vc_column_container col-md-12\"><div class=\"wpb_wrapper vc_column-inner\">\r\n\t<div class=\"wpb_text_column wpb_content_element wpb_custom_7c91d232724f73626cc933bd95b25ff0\" >\r\n\t\t<div class=\"wpb_wrapper\">\r\n\t\t\t<p style=\"font-weight: 400;\"><strong>If you could return to school for one day, which day would it be and why?<\/strong><\/p>\n<p style=\"font-weight: 400;\">I would return to the day of the school futsal tournament in my second year. It was on that day that the strong friendships within our group of close friends truly began to form. The tournament remains one of the days we often remember together.<\/p>\n<p style=\"font-weight: 400;\"><strong>What advice would you give to current GYMES students?<\/strong><\/p>\n<p><span style=\"font-weight: 400;\">Do not be afraid to dream and to present your dreams honestly to God. And what is even more important, be prepared for the possibility that He may have entirely different plans for you. Trust in God while giving your best in pursuing what you hope to achieve, and remain open to His unexpected intentions. This will never lead you onto the wrong path. On the contrary, it opens the possibility of constant surprise. But it must be sincere. That is something I would have liked to hear myself during my time at grammar school.<\/span><\/p>\n\r\n\t\t<\/div>\r\n\t<\/div>\r\n<\/div><\/div><\/div>\n<\/div>","protected":false},"excerpt":{"rendered":"Moje meno je Samuel Rinik a som absolventom GYMESu z akademick\u00e9ho roka 2021\/2022. Po\u010das \u0161t\u00fadia na gymn\u00e1ziu bola mojou triednou u\u010dite\u013ekou takmer po \u0161tyri roky (okrem tretieho ro\u010dn\u00edka, ktor\u00fd som str\u00e1vil v USA) sestra Mgr. Marta Benejov\u00e1 a v maturitnom ro\u010dn\u00edku aj pani Mgr. Zuzana Lehotai. Po maturite z dej\u00edn umenia a ob\u010dianskej n\u00e1uky mi [...]","protected":false},"author":6,"featured_media":4690,"parent":4565,"menu_order":12,"comment_status":"closed","ping_status":"closed","template":"","meta":{"_acf_changed":false,"rs_blank_template":"","rs_page_bg_color":"","slide_template_v7":"","_monsterinsights_skip_tracking":false,"footnotes":""},"class_list":["post-4687","page","type-page","status-publish","has-post-thumbnail","hentry"],"acf":[],"yoast_head":"<!-- This site is optimized with the Yoast SEO plugin v28.3 - https:\/\/yoast.com\/product\/yoast-seo-wordpress\/ -->\n<title>Samuel Rinik - Gymn\u00e1zium sv. Edity Steinovej<\/title>\n<meta name=\"robots\" content=\"index, follow, max-snippet:-1, max-image-preview:large, max-video-preview:-1\" \/>\n<link rel=\"canonical\" href=\"https:\/\/gymes.eu\/en\/gymes-alumni\/samuel-rinik\/\" \/>\n<meta property=\"og:locale\" content=\"en_GB\" \/>\n<meta property=\"og:type\" content=\"article\" \/>\n<meta property=\"og:title\" content=\"Samuel Rinik - Gymn\u00e1zium sv. Edity Steinovej\" \/>\n<meta property=\"og:url\" content=\"https:\/\/gymes.eu\/en\/gymes-alumni\/samuel-rinik\/\" \/>\n<meta property=\"og:site_name\" content=\"Gymn\u00e1zium sv. Edity Steinovej\" \/>\n<meta property=\"article:publisher\" content=\"https:\/\/www.facebook.com\/GYMES.official\" \/>\n<meta property=\"article:modified_time\" content=\"2025-12-24T02:39:30+00:00\" \/>\n<meta property=\"og:image\" content=\"https:\/\/gymes.eu\/wp-content\/uploads\/2025\/12\/1-profil-RINIK.jpg\" \/>\n\t<meta property=\"og:image:width\" content=\"2560\" \/>\n\t<meta property=\"og:image:height\" content=\"2294\" \/>\n\t<meta property=\"og:image:type\" content=\"image\/jpeg\" \/>\n<meta name=\"twitter:card\" content=\"summary_large_image\" \/>\n<meta name=\"twitter:label1\" content=\"Estimated reading time\" \/>\n\t<meta name=\"twitter:data1\" content=\"6 minutes\" \/>\n<script type=\"application\/ld+json\" class=\"yoast-schema-graph\">{\"@context\":\"https:\\\/\\\/schema.org\",\"@graph\":[{\"@type\":\"WebPage\",\"@id\":\"https:\\\/\\\/gymes.eu\\\/gymes-alumni\\\/samuel-rinik\\\/\",\"url\":\"https:\\\/\\\/gymes.eu\\\/gymes-alumni\\\/samuel-rinik\\\/\",\"name\":\"Samuel Rinik - Gymn\u00e1zium sv. Edity Steinovej\",\"isPartOf\":{\"@id\":\"https:\\\/\\\/gymes.eu\\\/#website\"},\"primaryImageOfPage\":{\"@id\":\"https:\\\/\\\/gymes.eu\\\/gymes-alumni\\\/samuel-rinik\\\/#primaryimage\"},\"image\":{\"@id\":\"https:\\\/\\\/gymes.eu\\\/gymes-alumni\\\/samuel-rinik\\\/#primaryimage\"},\"thumbnailUrl\":\"https:\\\/\\\/gymes.eu\\\/wp-content\\\/uploads\\\/2025\\\/12\\\/1-profil-RINIK.jpg\",\"datePublished\":\"2025-12-24T00:46:51+00:00\",\"dateModified\":\"2025-12-24T02:39:30+00:00\",\"breadcrumb\":{\"@id\":\"https:\\\/\\\/gymes.eu\\\/gymes-alumni\\\/samuel-rinik\\\/#breadcrumb\"},\"inLanguage\":\"en-GB\",\"potentialAction\":[{\"@type\":\"ReadAction\",\"target\":[\"https:\\\/\\\/gymes.eu\\\/gymes-alumni\\\/samuel-rinik\\\/\"]}]},{\"@type\":\"ImageObject\",\"inLanguage\":\"en-GB\",\"@id\":\"https:\\\/\\\/gymes.eu\\\/gymes-alumni\\\/samuel-rinik\\\/#primaryimage\",\"url\":\"https:\\\/\\\/gymes.eu\\\/wp-content\\\/uploads\\\/2025\\\/12\\\/1-profil-RINIK.jpg\",\"contentUrl\":\"https:\\\/\\\/gymes.eu\\\/wp-content\\\/uploads\\\/2025\\\/12\\\/1-profil-RINIK.jpg\",\"width\":2560,\"height\":2294},{\"@type\":\"BreadcrumbList\",\"@id\":\"https:\\\/\\\/gymes.eu\\\/gymes-alumni\\\/samuel-rinik\\\/#breadcrumb\",\"itemListElement\":[{\"@type\":\"ListItem\",\"position\":1,\"name\":\"Home\",\"item\":\"https:\\\/\\\/gymes.eu\\\/\"},{\"@type\":\"ListItem\",\"position\":2,\"name\":\"Gymes alumni\",\"item\":\"https:\\\/\\\/gymes.eu\\\/gymes-alumni\\\/\"},{\"@type\":\"ListItem\",\"position\":3,\"name\":\"Samuel Rinik\"}]},{\"@type\":\"WebSite\",\"@id\":\"https:\\\/\\\/gymes.eu\\\/#website\",\"url\":\"https:\\\/\\\/gymes.eu\\\/\",\"name\":\"Gymn\u00e1zium sv. Edity Steinovej\",\"description\":\"\",\"publisher\":{\"@id\":\"https:\\\/\\\/gymes.eu\\\/#organization\"},\"potentialAction\":[{\"@type\":\"SearchAction\",\"target\":{\"@type\":\"EntryPoint\",\"urlTemplate\":\"https:\\\/\\\/gymes.eu\\\/?s={search_term_string}\"},\"query-input\":{\"@type\":\"PropertyValueSpecification\",\"valueRequired\":true,\"valueName\":\"search_term_string\"}}],\"inLanguage\":\"en-GB\"},{\"@type\":\"Organization\",\"@id\":\"https:\\\/\\\/gymes.eu\\\/#organization\",\"name\":\"Gymn\u00e1zium sv. Edity Steinovej\",\"url\":\"https:\\\/\\\/gymes.eu\\\/\",\"logo\":{\"@type\":\"ImageObject\",\"inLanguage\":\"en-GB\",\"@id\":\"https:\\\/\\\/gymes.eu\\\/#\\\/schema\\\/logo\\\/image\\\/\",\"url\":\"https:\\\/\\\/gymes.eu\\\/wp-content\\\/uploads\\\/2024\\\/11\\\/gymesWEB.png\",\"contentUrl\":\"https:\\\/\\\/gymes.eu\\\/wp-content\\\/uploads\\\/2024\\\/11\\\/gymesWEB.png\",\"width\":300,\"height\":300,\"caption\":\"Gymn\u00e1zium sv. Edity Steinovej\"},\"image\":{\"@id\":\"https:\\\/\\\/gymes.eu\\\/#\\\/schema\\\/logo\\\/image\\\/\"},\"sameAs\":[\"https:\\\/\\\/www.facebook.com\\\/GYMES.official\"]}]}<\/script>\n<!-- \/ Yoast SEO plugin. -->","yoast_head_json":{"title":"Samuel Rinik - Gymn\u00e1zium sv. Edity Steinovej","robots":{"index":"index","follow":"follow","max-snippet":"max-snippet:-1","max-image-preview":"max-image-preview:large","max-video-preview":"max-video-preview:-1"},"canonical":"https:\/\/gymes.eu\/en\/gymes-alumni\/samuel-rinik\/","og_locale":"en_GB","og_type":"article","og_title":"Samuel Rinik - Gymn\u00e1zium sv. Edity Steinovej","og_url":"https:\/\/gymes.eu\/en\/gymes-alumni\/samuel-rinik\/","og_site_name":"Gymn\u00e1zium sv. Edity Steinovej","article_publisher":"https:\/\/www.facebook.com\/GYMES.official","article_modified_time":"2025-12-24T02:39:30+00:00","og_image":[{"width":2560,"height":2294,"url":"https:\/\/gymes.eu\/wp-content\/uploads\/2025\/12\/1-profil-RINIK.jpg","type":"image\/jpeg"}],"twitter_card":"summary_large_image","twitter_misc":{"Estimated reading time":"6 minutes"},"schema":{"@context":"https:\/\/schema.org","@graph":[{"@type":"WebPage","@id":"https:\/\/gymes.eu\/gymes-alumni\/samuel-rinik\/","url":"https:\/\/gymes.eu\/gymes-alumni\/samuel-rinik\/","name":"Samuel Rinik - Gymn\u00e1zium sv. Edity Steinovej","isPartOf":{"@id":"https:\/\/gymes.eu\/#website"},"primaryImageOfPage":{"@id":"https:\/\/gymes.eu\/gymes-alumni\/samuel-rinik\/#primaryimage"},"image":{"@id":"https:\/\/gymes.eu\/gymes-alumni\/samuel-rinik\/#primaryimage"},"thumbnailUrl":"https:\/\/gymes.eu\/wp-content\/uploads\/2025\/12\/1-profil-RINIK.jpg","datePublished":"2025-12-24T00:46:51+00:00","dateModified":"2025-12-24T02:39:30+00:00","breadcrumb":{"@id":"https:\/\/gymes.eu\/gymes-alumni\/samuel-rinik\/#breadcrumb"},"inLanguage":"en-GB","potentialAction":[{"@type":"ReadAction","target":["https:\/\/gymes.eu\/gymes-alumni\/samuel-rinik\/"]}]},{"@type":"ImageObject","inLanguage":"en-GB","@id":"https:\/\/gymes.eu\/gymes-alumni\/samuel-rinik\/#primaryimage","url":"https:\/\/gymes.eu\/wp-content\/uploads\/2025\/12\/1-profil-RINIK.jpg","contentUrl":"https:\/\/gymes.eu\/wp-content\/uploads\/2025\/12\/1-profil-RINIK.jpg","width":2560,"height":2294},{"@type":"BreadcrumbList","@id":"https:\/\/gymes.eu\/gymes-alumni\/samuel-rinik\/#breadcrumb","itemListElement":[{"@type":"ListItem","position":1,"name":"Home","item":"https:\/\/gymes.eu\/"},{"@type":"ListItem","position":2,"name":"Gymes alumni","item":"https:\/\/gymes.eu\/gymes-alumni\/"},{"@type":"ListItem","position":3,"name":"Samuel Rinik"}]},{"@type":"WebSite","@id":"https:\/\/gymes.eu\/#website","url":"https:\/\/gymes.eu\/","name":"Gymn\u00e1zium sv. Edity Steinovej","description":"","publisher":{"@id":"https:\/\/gymes.eu\/#organization"},"potentialAction":[{"@type":"SearchAction","target":{"@type":"EntryPoint","urlTemplate":"https:\/\/gymes.eu\/?s={search_term_string}"},"query-input":{"@type":"PropertyValueSpecification","valueRequired":true,"valueName":"search_term_string"}}],"inLanguage":"en-GB"},{"@type":"Organization","@id":"https:\/\/gymes.eu\/#organization","name":"Gymn\u00e1zium sv. Edity Steinovej","url":"https:\/\/gymes.eu\/","logo":{"@type":"ImageObject","inLanguage":"en-GB","@id":"https:\/\/gymes.eu\/#\/schema\/logo\/image\/","url":"https:\/\/gymes.eu\/wp-content\/uploads\/2024\/11\/gymesWEB.png","contentUrl":"https:\/\/gymes.eu\/wp-content\/uploads\/2024\/11\/gymesWEB.png","width":300,"height":300,"caption":"Gymn\u00e1zium sv. Edity Steinovej"},"image":{"@id":"https:\/\/gymes.eu\/#\/schema\/logo\/image\/"},"sameAs":["https:\/\/www.facebook.com\/GYMES.official"]}]}},"_links":{"self":[{"href":"https:\/\/gymes.eu\/en\/wp-json\/wp\/v2\/pages\/4687","targetHints":{"allow":["GET"]}}],"collection":[{"href":"https:\/\/gymes.eu\/en\/wp-json\/wp\/v2\/pages"}],"about":[{"href":"https:\/\/gymes.eu\/en\/wp-json\/wp\/v2\/types\/page"}],"author":[{"embeddable":true,"href":"https:\/\/gymes.eu\/en\/wp-json\/wp\/v2\/users\/6"}],"replies":[{"embeddable":true,"href":"https:\/\/gymes.eu\/en\/wp-json\/wp\/v2\/comments?post=4687"}],"version-history":[{"count":4,"href":"https:\/\/gymes.eu\/en\/wp-json\/wp\/v2\/pages\/4687\/revisions"}],"predecessor-version":[{"id":4739,"href":"https:\/\/gymes.eu\/en\/wp-json\/wp\/v2\/pages\/4687\/revisions\/4739"}],"up":[{"embeddable":true,"href":"https:\/\/gymes.eu\/en\/wp-json\/wp\/v2\/pages\/4565"}],"wp:featuredmedia":[{"embeddable":true,"href":"https:\/\/gymes.eu\/en\/wp-json\/wp\/v2\/media\/4690"}],"wp:attachment":[{"href":"https:\/\/gymes.eu\/en\/wp-json\/wp\/v2\/media?parent=4687"}],"curies":[{"name":"wp","href":"https:\/\/api.w.org\/{rel}","templated":true}]}}