{"id":4638,"date":"2025-12-24T00:29:43","date_gmt":"2025-12-23T23:29:43","guid":{"rendered":"https:\/\/gymes.eu\/?page_id=4638"},"modified":"2025-12-24T03:32:52","modified_gmt":"2025-12-24T02:32:52","slug":"martin-klimza","status":"publish","type":"page","link":"https:\/\/gymes.eu\/en\/gymes-alumni\/martin-klimza\/","title":{"rendered":"Martin Klimza"},"content":{"rendered":"<div class=\"wpb-content-wrapper\" id=\"wpb-content-root\"><div class=\"vc_row wpb_row row top-row wpb_custom_034b39d9bc6c6b310d69e39f0ccf274f\"><div class=\"vc_column_container col-md-5\"><div class=\"wpb_wrapper vc_column-inner\">\r\n\t<div class=\"wpb_single_image wpb_content_element vc_align_left wpb_content_element  wpb_custom_81a4f7ef9830bf958462581aa01150fb\"><div class=\"wpb_wrapper\">\r\n\t\t\t\r\n\t\t\t<div class=\"vc_single_image-wrapper\"><img loading=\"lazy\" decoding=\"async\" width=\"1353\" height=\"1353\" src=\"https:\/\/gymes.eu\/wp-content\/uploads\/2025\/12\/1-profil-KLIMZA.jpg\" class=\"vc_single_image-img attachment-full\" alt=\"\" title=\"1 profil KLIMZA\" srcset=\"https:\/\/gymes.eu\/wp-content\/uploads\/2025\/12\/1-profil-KLIMZA.jpg 1353w, https:\/\/gymes.eu\/wp-content\/uploads\/2025\/12\/1-profil-KLIMZA-1024x1024.jpg 1024w, https:\/\/gymes.eu\/wp-content\/uploads\/2025\/12\/1-profil-KLIMZA-768x768.jpg 768w, https:\/\/gymes.eu\/wp-content\/uploads\/2025\/12\/1-profil-KLIMZA-640x640.jpg 640w, https:\/\/gymes.eu\/wp-content\/uploads\/2025\/12\/1-profil-KLIMZA-400x400.jpg 400w, https:\/\/gymes.eu\/wp-content\/uploads\/2025\/12\/1-profil-KLIMZA-560x560.jpg 560w, https:\/\/gymes.eu\/wp-content\/uploads\/2025\/12\/1-profil-KLIMZA-367x367.jpg 367w\" sizes=\"auto, (max-width: 1353px) 100vw, 1353px\" \/><\/div>\r\n\t\t<\/div>\r\n\t<\/div>\r\n<\/div><\/div><div class=\"vc_column_container col-md-7\"><div class=\"wpb_wrapper vc_column-inner\">\r\n\t<div class=\"wpb_text_column wpb_content_element wpb_custom_7c91d232724f73626cc933bd95b25ff0\" >\r\n\t\t<div class=\"wpb_wrapper\">\r\n\t\t\t<p style=\"font-weight: 400;\">My name is Martin and I come from Ko\u0161ice. My journey with GYMES began quite by chance, although some might say it could not have happened any other way. When I was choosing my secondary school, or rather a bilingual English grammar school, I had no idea that GYMES even existed. It was only when my grandmother came back from church with a leaflet about a newly opened grammar school and its bilingual programme that I applied to GYMES and, as the English saying goes, \u201cthe rest is history\u201d.<\/p>\n<p style=\"font-weight: 400;\">I had always enjoyed historical documentaries and books about the Second World War. I still have several of them in my library and often return to them. And like most boys, I also enjoyed video games. At the time when I was growing up, however, Czech or Slovak subtitles in video games or Czechoslovak creators on YouTube were not commonly available. My only option was therefore to learn at least some English. Since I wanted to turn \u201csome English\u201d into \u201cproper English\u201d, I chose GYMES.<\/p>\n<p style=\"font-weight: 400;\">During my time at GYMES I met many teachers, including Mr Filip, Mr Jo\u0161\u010d\u00e1k and Mrs Hajdukov\u00e1, who showed me that my future direction would be history and civics. Historical documentaries gradually turned into books by historians, and my focus moved from the Second World War to the period of communist rule between 1948 and 1989. After graduating, I chose Scotland and the University of Aberdeen as the place where I wanted to study history, specialising in Modern History.<\/p>\n\r\n\t\t<\/div>\r\n\t<\/div>\r\n<\/div><\/div><\/div><div class=\"vc_row wpb_row row top-row wpb_custom_034b39d9bc6c6b310d69e39f0ccf274f\"><div class=\"vc_column_container col-md-12\"><div class=\"wpb_wrapper vc_column-inner\">\r\n\t<div class=\"wpb_text_column wpb_content_element wpb_custom_7c91d232724f73626cc933bd95b25ff0\" >\r\n\t\t<div class=\"wpb_wrapper\">\r\n\t\t\t<p>It was an experience I would recommend to everyone. It was not easy at all, but the sooner you learn how to survive in another country, including cooking, ironing and paying bills, the less it will surprise you later in ordinary adult life.<\/p>\n<p style=\"font-weight: 400;\">Since the last two years of my studies coincided with the COVID period, I decided that I wanted to return to Slovakia for at least some time. However, this \u201cforced\u201d return in 2021 also had its bright side. In June 2021 the Museum of Victims of Communism opened in Ko\u0161ice, which fitted perfectly with the historical period that interested me and that I had written my thesis about. I still work there today as a guide for school groups. Some of you have probably already visited and met me there.<\/p>\n<p style=\"font-weight: 400;\">And because we GYMES students always like a challenge, I have also decided to begin doctoral studies alongside my work. I am currently studying at the Department of History of the Faculty of Arts at Pavol Jozef \u0160af\u00e1rik University in Ko\u0161ice under the supervision of Associate Professor ThDr Peter Borza. My dissertation focuses on the former regional State Security prison in Ko\u0161ice. Through this work I hope to contribute to a deeper understanding of the period I study, a period that has influenced us greatly but is often forgotten. Perhaps one day you will read something written by me.<\/p>\n\r\n\t\t<\/div>\r\n\t<\/div>\r\n<\/div><\/div><\/div><div class=\"vc_row wpb_row row top-row wpb_custom_034b39d9bc6c6b310d69e39f0ccf274f\"><div class=\"vc_column_container col-md-7\"><div class=\"wpb_wrapper vc_column-inner\">\r\n\t<div class=\"wpb_text_column wpb_content_element wpb_custom_7c91d232724f73626cc933bd95b25ff0\" >\r\n\t\t<div class=\"wpb_wrapper\">\r\n\t\t\t<p style=\"font-weight: 400;\"><strong>Which moment at school do you consider a turning point for your personal or professional development?<\/strong>?<\/p>\n<p style=\"font-weight: 400;\">This may sound strange, but it was a single history test. We had to write a short essay on the topic \u201cWhich year of the First World War do you consider the most important?\u201d. At that moment something changed in my thinking and I realised that learning should not be about memorising facts but about evaluating information and, above all, about making connections and forming your own conclusions.<\/p>\n<p style=\"font-weight: 400;\"><strong>Was there any teacher at GYMES who inspired you or significantly influenced you?<\/strong><\/p>\n<p style=\"font-weight: 400;\">I was fortunate that during my time at school Tom\u00e1\u0161 Filip began teaching at GYMES. Already in his very first \u201ctrial\u201d lesson I could see that he was on a completely different level from anyone who had previously tried to teach us.\nAfter attending his civics seminars, where he covered everything from ancient to modern philosophers in an exceptional and understandable way, and religion studies in English, which often left me astonished, I knew that my first impression had been correct. Many of the teaching methods I observed from him I still use today when working with university students.\nHe was one of the few teachers who could speak with fifteen and sixteen-year-old students as equals, and I always had the impression that he also wanted to learn something from us. The only thing I still regret is that he never taught me history. I have heard that every one of his lessons is legendary.<\/p>\n\r\n\t\t<\/div>\r\n\t<\/div>\r\n<\/div><\/div><div class=\"vc_column_container col-md-5\"><div class=\"wpb_wrapper vc_column-inner\">\r\n\t<div class=\"wpb_single_image wpb_content_element vc_align_left wpb_content_element  wpb_custom_81a4f7ef9830bf958462581aa01150fb\"><div class=\"wpb_wrapper\">\r\n\t\t\t\r\n\t\t\t<div class=\"vc_single_image-wrapper\"><img loading=\"lazy\" decoding=\"async\" width=\"795\" height=\"927\" src=\"https:\/\/gymes.eu\/wp-content\/uploads\/2025\/12\/2-KLIMZA.jpg\" class=\"vc_single_image-img attachment-full\" alt=\"\" title=\"2 KLIMZA\" srcset=\"https:\/\/gymes.eu\/wp-content\/uploads\/2025\/12\/2-KLIMZA.jpg 795w, https:\/\/gymes.eu\/wp-content\/uploads\/2025\/12\/2-KLIMZA-768x896.jpg 768w, https:\/\/gymes.eu\/wp-content\/uploads\/2025\/12\/2-KLIMZA-640x746.jpg 640w, https:\/\/gymes.eu\/wp-content\/uploads\/2025\/12\/2-KLIMZA-400x466.jpg 400w, https:\/\/gymes.eu\/wp-content\/uploads\/2025\/12\/2-KLIMZA-367x428.jpg 367w\" sizes=\"auto, (max-width: 795px) 100vw, 795px\" \/><\/div>\r\n\t\t<\/div>\r\n\t<\/div>\r\n<\/div><\/div><\/div><div class=\"vc_row wpb_row row top-row wpb_custom_034b39d9bc6c6b310d69e39f0ccf274f\"><div class=\"vc_column_container col-md-7\"><div class=\"wpb_wrapper vc_column-inner\">\r\n\t<div class=\"wpb_text_column wpb_content_element wpb_custom_7c91d232724f73626cc933bd95b25ff0\" >\r\n\t\t<div class=\"wpb_wrapper\">\r\n\t\t\t<p style=\"font-weight: 400;\"><strong>How did you perceive the atmosphere at school during your studies?<\/strong>?<\/p>\n<p style=\"font-weight: 400;\">Since I was the first bilingual graduate, I had the opportunity to see the school grow from a time when there were only five classes in total and no queues for lunch, to a period when it had already become one of the leading grammar schools in Ko\u0161ice. Naturally, the school became somewhat less personal over time, but I always felt that people wanted to help one another and encourage each other to improve.<\/p>\n<p style=\"font-weight: 400;\">I can also say that our own initiatives were never discouraged, of course within reasonable limits. In my case, for example, it was the school ball that we organised for the first time in our third year. It was important that the teachers were available to help, but they left most of the organisation to us. In the end, this taught us many organisational skills that I have used many times when preparing exhibitions and projects.<\/p>\n\r\n\t\t<\/div>\r\n\t<\/div>\r\n<\/div><\/div><div class=\"vc_column_container col-md-5\"><div class=\"wpb_wrapper vc_column-inner\">\r\n\t<div class=\"wpb_single_image wpb_content_element vc_align_left wpb_content_element  wpb_custom_81a4f7ef9830bf958462581aa01150fb\"><div class=\"wpb_wrapper\">\r\n\t\t\t\r\n\t\t\t<div class=\"vc_single_image-wrapper\"><img loading=\"lazy\" decoding=\"async\" width=\"1621\" height=\"1058\" src=\"https:\/\/gymes.eu\/wp-content\/uploads\/2025\/12\/3-KLIMZA.jpg\" class=\"vc_single_image-img attachment-full\" alt=\"\" title=\"3 KLIMZA\" srcset=\"https:\/\/gymes.eu\/wp-content\/uploads\/2025\/12\/3-KLIMZA.jpg 1621w, https:\/\/gymes.eu\/wp-content\/uploads\/2025\/12\/3-KLIMZA-1024x668.jpg 1024w, https:\/\/gymes.eu\/wp-content\/uploads\/2025\/12\/3-KLIMZA-768x501.jpg 768w, https:\/\/gymes.eu\/wp-content\/uploads\/2025\/12\/3-KLIMZA-1536x1003.jpg 1536w, https:\/\/gymes.eu\/wp-content\/uploads\/2025\/12\/3-KLIMZA-640x418.jpg 640w, https:\/\/gymes.eu\/wp-content\/uploads\/2025\/12\/3-KLIMZA-400x261.jpg 400w, https:\/\/gymes.eu\/wp-content\/uploads\/2025\/12\/3-KLIMZA-367x240.jpg 367w, https:\/\/gymes.eu\/wp-content\/uploads\/2025\/12\/3-KLIMZA-560x367.jpg 560w\" sizes=\"auto, (max-width: 1621px) 100vw, 1621px\" \/><\/div>\r\n\t\t<\/div>\r\n\t<\/div>\r\n<\/div><\/div><\/div><div class=\"vc_row wpb_row row top-row wpb_custom_034b39d9bc6c6b310d69e39f0ccf274f\"><div class=\"vc_column_container col-md-7\"><div class=\"wpb_wrapper vc_column-inner\">\r\n\t<div class=\"wpb_text_column wpb_content_element wpb_custom_7c91d232724f73626cc933bd95b25ff0\" >\r\n\t\t<div class=\"wpb_wrapper\">\r\n\t\t\t<p style=\"font-weight: 400;\"><strong>What advice would you give to current GYMES students?<\/strong><\/p>\n<p style=\"font-weight: 400;\">First of all:<\/p>\n<p style=\"font-weight: 400;\">You are capable of much more than you think. I have often met people who graduated from GYMES but still feel that they cannot succeed on the international stage. That is not true at all. In terms of language ability, values and above all ways of thinking, you can stand alongside the best students in Europe, if not in the world.<\/p>\n<p style=\"font-weight: 400;\">Secondly:<\/p>\n<p style=\"font-weight: 400;\">Enjoy the time you spend at GYMES. Yes, perhaps now you are worried about a poor mark in mathematics or forgotten vocabulary in English. But I can promise you that in ten years you will not remember any of that. What you may remember for the rest of your life are the relationships you formed, whether with classmates or teachers, and the experiences you had during your time at GYMES.<\/p>\n\r\n\t\t<\/div>\r\n\t<\/div>\r\n<\/div><\/div><div class=\"vc_column_container col-md-5\"><div class=\"wpb_wrapper vc_column-inner\">\r\n\t<div class=\"wpb_single_image wpb_content_element vc_align_left wpb_content_element  wpb_custom_81a4f7ef9830bf958462581aa01150fb\"><div class=\"wpb_wrapper\">\r\n\t\t\t\r\n\t\t\t<div class=\"vc_single_image-wrapper\"><img loading=\"lazy\" decoding=\"async\" width=\"1410\" height=\"1788\" src=\"https:\/\/gymes.eu\/wp-content\/uploads\/2025\/12\/4-KLIMZA.jpg\" class=\"vc_single_image-img attachment-full\" alt=\"\" title=\"4 KLIMZA\" srcset=\"https:\/\/gymes.eu\/wp-content\/uploads\/2025\/12\/4-KLIMZA.jpg 1410w, https:\/\/gymes.eu\/wp-content\/uploads\/2025\/12\/4-KLIMZA-808x1024.jpg 808w, https:\/\/gymes.eu\/wp-content\/uploads\/2025\/12\/4-KLIMZA-768x974.jpg 768w, https:\/\/gymes.eu\/wp-content\/uploads\/2025\/12\/4-KLIMZA-1211x1536.jpg 1211w, https:\/\/gymes.eu\/wp-content\/uploads\/2025\/12\/4-KLIMZA-640x812.jpg 640w, https:\/\/gymes.eu\/wp-content\/uploads\/2025\/12\/4-KLIMZA-400x507.jpg 400w, https:\/\/gymes.eu\/wp-content\/uploads\/2025\/12\/4-KLIMZA-367x465.jpg 367w\" sizes=\"auto, (max-width: 1410px) 100vw, 1410px\" \/><\/div>\r\n\t\t<\/div>\r\n\t<\/div>\r\n<\/div><\/div><\/div>\n<\/div>","protected":false},"excerpt":{"rendered":"Vol\u00e1m sa Martin a poch\u00e1dzam z\u00a0Ko\u0161\u00edc. Moja GYMES cesta za\u010dala celkom n\u00e1hodne, hoci niekto by povedal, \u017ee to inak ani nemohlo by\u0165. Ke\u010f som si vyberal stredn\u00fa \u0161kolu \u2013 resp. bilingv\u00e1lne anglick\u00e9 gymn\u00e1zium \u2013 v\u00f4bec som netu\u0161il, \u017ee nejak\u00fd GYMES existuje. A\u017e ke\u010f moja babka pri\u0161la z\u00a0kostola s\u00a0let\u00e1\u010dikom o\u00a0novootvorenom gymn\u00e1ziu a\u00a0bilingv\u00e1lnom odbore, podal som si [...]","protected":false},"author":6,"featured_media":4641,"parent":4565,"menu_order":3,"comment_status":"closed","ping_status":"closed","template":"","meta":{"_acf_changed":false,"rs_blank_template":"","rs_page_bg_color":"","slide_template_v7":"","_monsterinsights_skip_tracking":false,"footnotes":""},"class_list":["post-4638","page","type-page","status-publish","has-post-thumbnail","hentry"],"acf":[],"yoast_head":"<!-- This site is optimized with the Yoast SEO plugin v28.3 - https:\/\/yoast.com\/product\/yoast-seo-wordpress\/ -->\n<title>Martin Klimza - Gymn\u00e1zium sv. Edity Steinovej<\/title>\n<meta name=\"robots\" content=\"index, follow, max-snippet:-1, max-image-preview:large, max-video-preview:-1\" \/>\n<link rel=\"canonical\" href=\"https:\/\/gymes.eu\/en\/gymes-alumni\/martin-klimza\/\" \/>\n<meta property=\"og:locale\" content=\"en_GB\" \/>\n<meta property=\"og:type\" content=\"article\" \/>\n<meta property=\"og:title\" content=\"Martin Klimza - Gymn\u00e1zium sv. Edity Steinovej\" \/>\n<meta property=\"og:url\" content=\"https:\/\/gymes.eu\/en\/gymes-alumni\/martin-klimza\/\" \/>\n<meta property=\"og:site_name\" content=\"Gymn\u00e1zium sv. Edity Steinovej\" \/>\n<meta property=\"article:publisher\" content=\"https:\/\/www.facebook.com\/GYMES.official\" \/>\n<meta property=\"article:modified_time\" content=\"2025-12-24T02:32:52+00:00\" \/>\n<meta property=\"og:image\" content=\"https:\/\/gymes.eu\/wp-content\/uploads\/2025\/12\/1-profil-KLIMZA.jpg\" \/>\n\t<meta property=\"og:image:width\" content=\"1353\" \/>\n\t<meta property=\"og:image:height\" content=\"1353\" \/>\n\t<meta property=\"og:image:type\" content=\"image\/jpeg\" \/>\n<meta name=\"twitter:card\" content=\"summary_large_image\" \/>\n<meta name=\"twitter:label1\" content=\"Estimated reading time\" \/>\n\t<meta name=\"twitter:data1\" content=\"6 minutes\" \/>\n<script type=\"application\/ld+json\" class=\"yoast-schema-graph\">{\"@context\":\"https:\\\/\\\/schema.org\",\"@graph\":[{\"@type\":\"WebPage\",\"@id\":\"https:\\\/\\\/gymes.eu\\\/gymes-alumni\\\/martin-klimza\\\/\",\"url\":\"https:\\\/\\\/gymes.eu\\\/gymes-alumni\\\/martin-klimza\\\/\",\"name\":\"Martin Klimza - Gymn\u00e1zium sv. Edity Steinovej\",\"isPartOf\":{\"@id\":\"https:\\\/\\\/gymes.eu\\\/#website\"},\"primaryImageOfPage\":{\"@id\":\"https:\\\/\\\/gymes.eu\\\/gymes-alumni\\\/martin-klimza\\\/#primaryimage\"},\"image\":{\"@id\":\"https:\\\/\\\/gymes.eu\\\/gymes-alumni\\\/martin-klimza\\\/#primaryimage\"},\"thumbnailUrl\":\"https:\\\/\\\/gymes.eu\\\/wp-content\\\/uploads\\\/2025\\\/12\\\/1-profil-KLIMZA.jpg\",\"datePublished\":\"2025-12-23T23:29:43+00:00\",\"dateModified\":\"2025-12-24T02:32:52+00:00\",\"breadcrumb\":{\"@id\":\"https:\\\/\\\/gymes.eu\\\/gymes-alumni\\\/martin-klimza\\\/#breadcrumb\"},\"inLanguage\":\"en-GB\",\"potentialAction\":[{\"@type\":\"ReadAction\",\"target\":[\"https:\\\/\\\/gymes.eu\\\/gymes-alumni\\\/martin-klimza\\\/\"]}]},{\"@type\":\"ImageObject\",\"inLanguage\":\"en-GB\",\"@id\":\"https:\\\/\\\/gymes.eu\\\/gymes-alumni\\\/martin-klimza\\\/#primaryimage\",\"url\":\"https:\\\/\\\/gymes.eu\\\/wp-content\\\/uploads\\\/2025\\\/12\\\/1-profil-KLIMZA.jpg\",\"contentUrl\":\"https:\\\/\\\/gymes.eu\\\/wp-content\\\/uploads\\\/2025\\\/12\\\/1-profil-KLIMZA.jpg\",\"width\":1353,\"height\":1353},{\"@type\":\"BreadcrumbList\",\"@id\":\"https:\\\/\\\/gymes.eu\\\/gymes-alumni\\\/martin-klimza\\\/#breadcrumb\",\"itemListElement\":[{\"@type\":\"ListItem\",\"position\":1,\"name\":\"Home\",\"item\":\"https:\\\/\\\/gymes.eu\\\/\"},{\"@type\":\"ListItem\",\"position\":2,\"name\":\"Gymes alumni\",\"item\":\"https:\\\/\\\/gymes.eu\\\/gymes-alumni\\\/\"},{\"@type\":\"ListItem\",\"position\":3,\"name\":\"Martin Klimza\"}]},{\"@type\":\"WebSite\",\"@id\":\"https:\\\/\\\/gymes.eu\\\/#website\",\"url\":\"https:\\\/\\\/gymes.eu\\\/\",\"name\":\"Gymn\u00e1zium sv. Edity Steinovej\",\"description\":\"\",\"publisher\":{\"@id\":\"https:\\\/\\\/gymes.eu\\\/#organization\"},\"potentialAction\":[{\"@type\":\"SearchAction\",\"target\":{\"@type\":\"EntryPoint\",\"urlTemplate\":\"https:\\\/\\\/gymes.eu\\\/?s={search_term_string}\"},\"query-input\":{\"@type\":\"PropertyValueSpecification\",\"valueRequired\":true,\"valueName\":\"search_term_string\"}}],\"inLanguage\":\"en-GB\"},{\"@type\":\"Organization\",\"@id\":\"https:\\\/\\\/gymes.eu\\\/#organization\",\"name\":\"Gymn\u00e1zium sv. Edity Steinovej\",\"url\":\"https:\\\/\\\/gymes.eu\\\/\",\"logo\":{\"@type\":\"ImageObject\",\"inLanguage\":\"en-GB\",\"@id\":\"https:\\\/\\\/gymes.eu\\\/#\\\/schema\\\/logo\\\/image\\\/\",\"url\":\"https:\\\/\\\/gymes.eu\\\/wp-content\\\/uploads\\\/2024\\\/11\\\/gymesWEB.png\",\"contentUrl\":\"https:\\\/\\\/gymes.eu\\\/wp-content\\\/uploads\\\/2024\\\/11\\\/gymesWEB.png\",\"width\":300,\"height\":300,\"caption\":\"Gymn\u00e1zium sv. Edity Steinovej\"},\"image\":{\"@id\":\"https:\\\/\\\/gymes.eu\\\/#\\\/schema\\\/logo\\\/image\\\/\"},\"sameAs\":[\"https:\\\/\\\/www.facebook.com\\\/GYMES.official\"]}]}<\/script>\n<!-- \/ Yoast SEO plugin. -->","yoast_head_json":{"title":"Martin Klimza - Gymn\u00e1zium sv. Edity Steinovej","robots":{"index":"index","follow":"follow","max-snippet":"max-snippet:-1","max-image-preview":"max-image-preview:large","max-video-preview":"max-video-preview:-1"},"canonical":"https:\/\/gymes.eu\/en\/gymes-alumni\/martin-klimza\/","og_locale":"en_GB","og_type":"article","og_title":"Martin Klimza - Gymn\u00e1zium sv. Edity Steinovej","og_url":"https:\/\/gymes.eu\/en\/gymes-alumni\/martin-klimza\/","og_site_name":"Gymn\u00e1zium sv. Edity Steinovej","article_publisher":"https:\/\/www.facebook.com\/GYMES.official","article_modified_time":"2025-12-24T02:32:52+00:00","og_image":[{"width":1353,"height":1353,"url":"https:\/\/gymes.eu\/wp-content\/uploads\/2025\/12\/1-profil-KLIMZA.jpg","type":"image\/jpeg"}],"twitter_card":"summary_large_image","twitter_misc":{"Estimated reading time":"6 minutes"},"schema":{"@context":"https:\/\/schema.org","@graph":[{"@type":"WebPage","@id":"https:\/\/gymes.eu\/gymes-alumni\/martin-klimza\/","url":"https:\/\/gymes.eu\/gymes-alumni\/martin-klimza\/","name":"Martin Klimza - Gymn\u00e1zium sv. Edity Steinovej","isPartOf":{"@id":"https:\/\/gymes.eu\/#website"},"primaryImageOfPage":{"@id":"https:\/\/gymes.eu\/gymes-alumni\/martin-klimza\/#primaryimage"},"image":{"@id":"https:\/\/gymes.eu\/gymes-alumni\/martin-klimza\/#primaryimage"},"thumbnailUrl":"https:\/\/gymes.eu\/wp-content\/uploads\/2025\/12\/1-profil-KLIMZA.jpg","datePublished":"2025-12-23T23:29:43+00:00","dateModified":"2025-12-24T02:32:52+00:00","breadcrumb":{"@id":"https:\/\/gymes.eu\/gymes-alumni\/martin-klimza\/#breadcrumb"},"inLanguage":"en-GB","potentialAction":[{"@type":"ReadAction","target":["https:\/\/gymes.eu\/gymes-alumni\/martin-klimza\/"]}]},{"@type":"ImageObject","inLanguage":"en-GB","@id":"https:\/\/gymes.eu\/gymes-alumni\/martin-klimza\/#primaryimage","url":"https:\/\/gymes.eu\/wp-content\/uploads\/2025\/12\/1-profil-KLIMZA.jpg","contentUrl":"https:\/\/gymes.eu\/wp-content\/uploads\/2025\/12\/1-profil-KLIMZA.jpg","width":1353,"height":1353},{"@type":"BreadcrumbList","@id":"https:\/\/gymes.eu\/gymes-alumni\/martin-klimza\/#breadcrumb","itemListElement":[{"@type":"ListItem","position":1,"name":"Home","item":"https:\/\/gymes.eu\/"},{"@type":"ListItem","position":2,"name":"Gymes alumni","item":"https:\/\/gymes.eu\/gymes-alumni\/"},{"@type":"ListItem","position":3,"name":"Martin Klimza"}]},{"@type":"WebSite","@id":"https:\/\/gymes.eu\/#website","url":"https:\/\/gymes.eu\/","name":"Gymn\u00e1zium sv. Edity Steinovej","description":"","publisher":{"@id":"https:\/\/gymes.eu\/#organization"},"potentialAction":[{"@type":"SearchAction","target":{"@type":"EntryPoint","urlTemplate":"https:\/\/gymes.eu\/?s={search_term_string}"},"query-input":{"@type":"PropertyValueSpecification","valueRequired":true,"valueName":"search_term_string"}}],"inLanguage":"en-GB"},{"@type":"Organization","@id":"https:\/\/gymes.eu\/#organization","name":"Gymn\u00e1zium sv. Edity Steinovej","url":"https:\/\/gymes.eu\/","logo":{"@type":"ImageObject","inLanguage":"en-GB","@id":"https:\/\/gymes.eu\/#\/schema\/logo\/image\/","url":"https:\/\/gymes.eu\/wp-content\/uploads\/2024\/11\/gymesWEB.png","contentUrl":"https:\/\/gymes.eu\/wp-content\/uploads\/2024\/11\/gymesWEB.png","width":300,"height":300,"caption":"Gymn\u00e1zium sv. Edity Steinovej"},"image":{"@id":"https:\/\/gymes.eu\/#\/schema\/logo\/image\/"},"sameAs":["https:\/\/www.facebook.com\/GYMES.official"]}]}},"_links":{"self":[{"href":"https:\/\/gymes.eu\/en\/wp-json\/wp\/v2\/pages\/4638","targetHints":{"allow":["GET"]}}],"collection":[{"href":"https:\/\/gymes.eu\/en\/wp-json\/wp\/v2\/pages"}],"about":[{"href":"https:\/\/gymes.eu\/en\/wp-json\/wp\/v2\/types\/page"}],"author":[{"embeddable":true,"href":"https:\/\/gymes.eu\/en\/wp-json\/wp\/v2\/users\/6"}],"replies":[{"embeddable":true,"href":"https:\/\/gymes.eu\/en\/wp-json\/wp\/v2\/comments?post=4638"}],"version-history":[{"count":3,"href":"https:\/\/gymes.eu\/en\/wp-json\/wp\/v2\/pages\/4638\/revisions"}],"predecessor-version":[{"id":4747,"href":"https:\/\/gymes.eu\/en\/wp-json\/wp\/v2\/pages\/4638\/revisions\/4747"}],"up":[{"embeddable":true,"href":"https:\/\/gymes.eu\/en\/wp-json\/wp\/v2\/pages\/4565"}],"wp:featuredmedia":[{"embeddable":true,"href":"https:\/\/gymes.eu\/en\/wp-json\/wp\/v2\/media\/4641"}],"wp:attachment":[{"href":"https:\/\/gymes.eu\/en\/wp-json\/wp\/v2\/media?parent=4638"}],"curies":[{"name":"wp","href":"https:\/\/api.w.org\/{rel}","templated":true}]}}